{"id":3931,"date":"2021-04-19T18:10:05","date_gmt":"2021-04-19T22:10:05","guid":{"rendered":"https:\/\/www.wmfc.ca\/?page_id=3931"},"modified":"2023-10-09T10:25:47","modified_gmt":"2023-10-09T14:25:47","slug":"marche-pour-le-waldenstroms","status":"publish","type":"page","link":"https:\/\/www.wmfc.ca\/fr\/make-a-donation\/walk-for-waldenstrom-s\/","title":{"rendered":"La Marche pour la maladie de Waldenstrom !"},"content":{"rendered":"<p><div class=\"fusion-fullwidth fullwidth-box fusion-builder-row-1 fusion-flex-container has-pattern-background has-mask-background nonhundred-percent-fullwidth non-hundred-percent-height-scrolling\" style=\"--awb-border-radius-top-left:0px;--awb-border-radius-top-right:0px;--awb-border-radius-bottom-right:0px;--awb-border-radius-bottom-left:0px;--awb-flex-wrap:wrap;\" ><div class=\"fusion-builder-row fusion-row fusion-flex-align-items-flex-start fusion-flex-content-wrap\" style=\"max-width:1331.2px;margin-left: calc(-4% \/ 2 );margin-right: calc(-4% \/ 2 );\"><div class=\"fusion-layout-column fusion_builder_column fusion-builder-column-0 fusion_builder_column_1_1 1_1 fusion-flex-column\" style=\"--awb-bg-size:cover;--awb-width-large:100%;--awb-margin-top-large:10px;--awb-spacing-right-large:1.92%;--awb-margin-bottom-large:10px;--awb-spacing-left-large:1.92%;--awb-width-medium:100%;--awb-order-medium:0;--awb-spacing-right-medium:1.92%;--awb-spacing-left-medium:1.92%;--awb-width-small:100%;--awb-order-small:0;--awb-spacing-right-small:1.92%;--awb-spacing-left-small:1.92%;\"><div class=\"fusion-column-wrapper fusion-column-has-shadow fusion-flex-justify-content-flex-start fusion-content-layout-column\"><div class=\"fusion-text fusion-text-1\" style=\"--awb-margin-right:10%;--awb-margin-left:10%;\"><p>Les voici, les <strong>de nombreux succ\u00e8s<\/strong> de la marche de septembre du WMFC contre la maladie de Waldenstrom.<\/p>\n<p>Mais avant de commencer, il faut tout d'abord <strong><u>vraiment<\/u><\/strong> Un grand merci \u00e0 Paul Kitchen pour avoir \u00e9t\u00e9 le fer de lance de cette marche et pour avoir encourag\u00e9 d'autres personnes \u00e0 s'y joindre.<\/p>\n<p>Objectif num\u00e9ro 1 : \"Faire conna\u00eetre la MW\".  S'assurer que les Canadiens \u00e0 travers le pays sont conscients de cette maladie, et de la fa\u00e7on dont nous relevons le d\u00e9fi, par nous-m\u00eames, pour aider \u00e0 trouver un rem\u00e8de :<\/p>\n<ul>\n<li>Nous avons attir\u00e9 l'attention de plus de 40 <strong><u>nouveaux<\/u><\/strong> Les donateurs - une grande indication que le mot sur la WM s'est r\u00e9pandu autour d'eux !<\/li>\n<\/ul>\n<p>Et puis il y a, bien s\u00fbr, l'objectif num\u00e9ro 2 : collecter des fonds pour trouver un rem\u00e8de.  Vous tous, \"marcheurs\" et donateurs, vous nous avez rendus fiers.  Et nous savons qu'il y a encore des ch\u00e8ques dans le courrier !<\/p>\n<ul>\n<li>Il y avait 8 \"marcheurs\" - vous \u00eates les meilleurs !<\/li>\n<li>Pr\u00e8s de 100 personnes ont fait un don !<\/li>\n<li>Total des fonds collect\u00e9s : <span style=\"color: #ff0000;\"><strong>plus de $18,500 !!<\/strong><\/span><\/li>\n<\/ul>\n<p>Merci \u00e0 vous tous.  Bravo !<\/p>\n<\/div><div class=\"fusion-separator\" style=\"align-self: center;margin-left: auto;margin-right: auto;margin-top:5px;margin-bottom:10px;width:100%;max-width:80%;\"><div class=\"fusion-separator-border sep-double sep-solid\" style=\"--awb-height:20px;--awb-amount:20px;--awb-sep-color:#e90101;border-color:#e90101;border-top-width:2px;border-bottom-width:2px;\"><\/div><\/div><\/div><\/div><\/div><\/div><div class=\"fusion-fullwidth fullwidth-box fusion-builder-row-2 fusion-flex-container has-pattern-background has-mask-background nonhundred-percent-fullwidth non-hundred-percent-height-scrolling\" style=\"--awb-border-radius-top-left:0px;--awb-border-radius-top-right:0px;--awb-border-radius-bottom-right:0px;--awb-border-radius-bottom-left:0px;--awb-flex-wrap:wrap;\" ><div class=\"fusion-builder-row fusion-row fusion-flex-align-items-flex-start fusion-flex-content-wrap\" style=\"max-width:1331.2px;margin-left: calc(-4% \/ 2 );margin-right: calc(-4% \/ 2 );\"><div class=\"fusion-layout-column fusion_builder_column fusion-builder-column-1 fusion_builder_column_1_6 1_6 fusion-flex-column\" style=\"--awb-bg-size:cover;--awb-width-large:16.666666666667%;--awb-margin-top-large:10px;--awb-spacing-right-large:11.52%;--awb-margin-bottom-large:10px;--awb-spacing-left-large:11.52%;--awb-width-medium:100%;--awb-order-medium:0;--awb-spacing-right-medium:1.92%;--awb-spacing-left-medium:1.92%;--awb-width-small:100%;--awb-order-small:0;--awb-spacing-right-small:1.92%;--awb-spacing-left-small:1.92%;\"><div class=\"fusion-column-wrapper fusion-column-has-shadow fusion-flex-justify-content-flex-start fusion-content-layout-column\"><\/div><\/div><div class=\"fusion-layout-column fusion_builder_column fusion-builder-column-2 fusion_builder_column_2_3 2_3 fusion-flex-column\" style=\"--awb-bg-size:cover;--awb-width-large:66.666666666667%;--awb-margin-top-large:10px;--awb-spacing-right-large:2.88%;--awb-margin-bottom-large:10px;--awb-spacing-left-large:2.88%;--awb-width-medium:100%;--awb-order-medium:0;--awb-spacing-right-medium:1.92%;--awb-spacing-left-medium:1.92%;--awb-width-small:100%;--awb-order-small:0;--awb-spacing-right-small:1.92%;--awb-spacing-left-small:1.92%;\"><div class=\"fusion-column-wrapper fusion-column-has-shadow fusion-flex-justify-content-flex-start fusion-content-layout-column\"><div class=\"fusion-text fusion-text-2\"><h4>Message de l'ancien pr\u00e9sident de la WMFC, Paul Kitchen :<\/h4>\n<p>Le mois de septembre est celui de la Marche pour la maladie de Waldenstrom, organis\u00e9e par la WMFC!  \u00c0 partir du 1er septembre, je vais marcher la plus longue distance possible chaque jour pendant chacun des 30 jours du mois.  J'esp\u00e8re ainsi parcourir en moyenne entre 8 et 10 km par jour, soit l'\u00e9quivalent au total de la distance entre mon domicile \u00e0 Rothesay (Nouveau-Brunswick), St. Stephen (Nouveau-Brunswick) et Calais (Maine, \u00c9tats-Unis), ce qui repr\u00e9sente un peu plus de 200 km.  Chaque jour, une mise \u00e0 jour de mes progr\u00e8s sera affich\u00e9e sur cette page, ainsi qu'un blog d\u00e9crivant comment la marche s'est d\u00e9roul\u00e9e ce jour-l\u00e0.<\/p>\n<p>Tout soutien que nous pouvons apporter \u00e0 la  WMFC permettra \u00e0 votre conseil d'administration d'investir pour vous dans de nouvelles recherches qui permettront de trouver encore plus de traitements pour la MW et ultimement d'aider \u00e0 ma\u00eetriser cette maladie rare.<\/p>\n<\/div><\/div><\/div><div class=\"fusion-layout-column fusion_builder_column fusion-builder-column-3 fusion_builder_column_1_6 1_6 fusion-flex-column\" style=\"--awb-bg-size:cover;--awb-width-large:16.666666666667%;--awb-margin-top-large:10px;--awb-spacing-right-large:11.52%;--awb-margin-bottom-large:10px;--awb-spacing-left-large:11.52%;--awb-width-medium:100%;--awb-order-medium:0;--awb-spacing-right-medium:1.92%;--awb-spacing-left-medium:1.92%;--awb-width-small:100%;--awb-order-small:0;--awb-spacing-right-small:1.92%;--awb-spacing-left-small:1.92%;\"><div class=\"fusion-column-wrapper fusion-column-has-shadow fusion-flex-justify-content-flex-start fusion-content-layout-column\"><\/div><\/div><div class=\"fusion-layout-column fusion_builder_column fusion-builder-column-4 fusion_builder_column_1_2 1_2 fusion-flex-column\" style=\"--awb-bg-size:cover;--awb-width-large:50%;--awb-margin-top-large:10px;--awb-spacing-right-large:3.84%;--awb-margin-bottom-large:10px;--awb-spacing-left-large:3.84%;--awb-width-medium:100%;--awb-order-medium:0;--awb-spacing-right-medium:1.92%;--awb-spacing-left-medium:1.92%;--awb-width-small:100%;--awb-order-small:0;--awb-spacing-right-small:1.92%;--awb-spacing-left-small:1.92%;\"><div class=\"fusion-column-wrapper fusion-column-has-shadow fusion-flex-justify-content-flex-start fusion-content-layout-column\"><div class=\"fusion-text fusion-text-3\"><h4>Vous pouvez nous aider :<\/h4>\n<p>Pour faire un don en faveur de ma marche, ou en faveur de  quelqu'un d'autre que vous connaissez, ou bien pour que d'autres personnes en fasse un en faveur de votre propre marche, utilisez le formulaire de don suivant du site web de la WMFC (<a href=\"https:\/\/www.wmfc.ca\/fr\/faire-un-don\/don-en-ligne\/\">https:\/\/www.wmfc.ca\/make-a-donation\/online-donation\/<\/a>).  D\u00e9signez votre don comme  \u00e9tant \"En l'honneur de\" et indiquez le nom du marcheur.  Utilisez le formulaire pour envoyer une carte \u00e9lectronique, ou non, comme vous le souhaitez.  Tant que le nom d'un marcheur est indiqu\u00e9, la WMFC peut cumuler les dons collect\u00e9s pour la marche.<\/p>\n<\/div><\/div><\/div><div class=\"fusion-layout-column fusion_builder_column fusion-builder-column-5 fusion_builder_column_1_2 1_2 fusion-flex-column\" style=\"--awb-bg-size:cover;--awb-width-large:50%;--awb-margin-top-large:10px;--awb-spacing-right-large:3.84%;--awb-margin-bottom-large:10px;--awb-spacing-left-large:3.84%;--awb-width-medium:100%;--awb-order-medium:0;--awb-spacing-right-medium:1.92%;--awb-spacing-left-medium:1.92%;--awb-width-small:100%;--awb-order-small:0;--awb-spacing-right-small:1.92%;--awb-spacing-left-small:1.92%;\"><div class=\"fusion-column-wrapper fusion-column-has-shadow fusion-flex-justify-content-flex-start fusion-content-layout-column\"><div class=\"fusion-text fusion-text-4\"><h4>Vous pouvez y participer et contribuer \u00e0 faire passer le message :<\/h4>\n<p>Il existe de nombreuses marches caritatives, mais elles se d\u00e9roulent souvent en grands groupes et sur une seule journ\u00e9e.  En revanche, j'essaie d'organiser une marche en petit groupe qui se d\u00e9roule sur 30 jours, ce qui est diff\u00e9rent et pourrait attirer l'attention d'un m\u00e9dia.  Si vous \u00eates un b\u00e9n\u00e9vole qui va essayer de marcher quelques kilom\u00e8tres par jour, appelez votre journal local ou votre station de radio et demandez-leur s'ils veulent bien faire une br\u00e8ve interview.  (Voir <a href=\"https:\/\/drive.google.com\/file\/d\/1kYU3Q9p0fQ91d_CRqfmO08K5OVxAHVGj\/view?usp=drive_link\" target=\"_blank\" rel=\"noopener\">cet exemple<\/a>!)  Vous serez surpris de voir \u00e0 quel point la publicit\u00e9 peut changer le montant des fonds que vous pouvez r\u00e9colter !<\/p>\n<p>N'h\u00e9sitez pas \u00e0 me contacter \u00e0 l'adresse suivante <a href=\"mailto:paul@paulkitchen.ca\">paul@paulkitchen.ca<\/a>Si vous avez besoin de conseils, d'encouragements ou si vous avez des questions, n'h\u00e9sitez pas \u00e0 nous contacter.<\/p>\n<\/div><\/div><\/div><div class=\"fusion-layout-column fusion_builder_column fusion-builder-column-6 fusion_builder_column_1_5 1_5 fusion-flex-column\" style=\"--awb-bg-size:cover;--awb-width-large:20%;--awb-margin-top-large:10px;--awb-spacing-right-large:9.6%;--awb-margin-bottom-large:10px;--awb-spacing-left-large:9.6%;--awb-width-medium:100%;--awb-order-medium:0;--awb-spacing-right-medium:1.92%;--awb-spacing-left-medium:1.92%;--awb-width-small:100%;--awb-order-small:0;--awb-spacing-right-small:1.92%;--awb-spacing-left-small:1.92%;\"><div class=\"fusion-column-wrapper fusion-column-has-shadow fusion-flex-justify-content-flex-start fusion-content-layout-column\"><\/div><\/div><div class=\"fusion-layout-column fusion_builder_column fusion-builder-column-7 fusion_builder_column_3_5 3_5 fusion-flex-column\" style=\"--awb-bg-size:cover;--awb-width-large:60%;--awb-margin-top-large:10px;--awb-spacing-right-large:3.2%;--awb-margin-bottom-large:10px;--awb-spacing-left-large:3.2%;--awb-width-medium:100%;--awb-order-medium:0;--awb-spacing-right-medium:1.92%;--awb-spacing-left-medium:1.92%;--awb-width-small:100%;--awb-order-small:0;--awb-spacing-right-small:1.92%;--awb-spacing-left-small:1.92%;\"><div class=\"fusion-column-wrapper fusion-column-has-shadow fusion-flex-justify-content-flex-start fusion-content-layout-column\"><div class=\"fusion-text fusion-text-5\"><h4>Merci et bonne chance !<\/h4>\n<p>Voyons tous ce que nous pouvons faire pour aider la recherche financ\u00e9e par la WMFC qui vise \u00e0 vaincre la Macroglobulin\u00e9mie de Waldenstrom!<\/p>\n<p>Merci \u00e0 tous les volontaires et bonne chance.<\/p>\n<p>Paul Kitchen<br \/>\nAdministrateur du WMFC<br \/>\n506-333-0744<\/p>\n<\/div><\/div><\/div><div class=\"fusion-layout-column fusion_builder_column fusion-builder-column-8 fusion_builder_column_1_5 1_5 fusion-flex-column\" style=\"--awb-bg-size:cover;--awb-width-large:20%;--awb-margin-top-large:10px;--awb-spacing-right-large:9.6%;--awb-margin-bottom-large:10px;--awb-spacing-left-large:9.6%;--awb-width-medium:100%;--awb-order-medium:0;--awb-spacing-right-medium:1.92%;--awb-spacing-left-medium:1.92%;--awb-width-small:100%;--awb-order-small:0;--awb-spacing-right-small:1.92%;--awb-spacing-left-small:1.92%;\"><div class=\"fusion-column-wrapper fusion-column-has-shadow fusion-flex-justify-content-flex-start fusion-content-layout-column\"><\/div><\/div><\/div><\/div><div class=\"fusion-fullwidth fullwidth-box fusion-builder-row-3 hundred-percent-fullwidth non-hundred-percent-height-scrolling\" style=\"--awb-background-position:left top;--awb-border-sizes-top:0px;--awb-border-sizes-bottom:0px;--awb-border-sizes-left:0px;--awb-border-sizes-right:0px;--awb-border-radius-top-left:0px;--awb-border-radius-top-right:0px;--awb-border-radius-bottom-right:0px;--awb-border-radius-bottom-left:0px;--awb-padding-top:0px;--awb-padding-right:5%;--awb-padding-bottom:2%;--awb-padding-left:5%;--awb-margin-top:0px;--awb-margin-bottom:0px;--awb-flex-wrap:wrap;\" ><div class=\"fusion-builder-row fusion-row\"><div class=\"fusion-layout-column fusion_builder_column fusion-builder-column-9 fusion_builder_column_1_1 1_1 fusion-one-full fusion-column-first fusion-column-last\" style=\"--awb-padding-top:0px;--awb-padding-right:0px;--awb-padding-bottom:0px;--awb-padding-left:0px;--awb-bg-size:cover;--awb-margin-top:0px;--awb-margin-bottom:0px;\"><div class=\"fusion-column-wrapper fusion-column-has-shadow fusion-flex-column-wrapper-legacy\"><div class=\"fusion-text fusion-text-6\"><p>Pour manifester votre soutien \u00e0 Paul et \u00e0 sa marche, indiquez sur votre don en ligne \" En l'honneur de quelqu'un \" et inscrivez \" Paul Kitchen \" comme personne honor\u00e9e.  Vous pouvez \u00e9galement soutenir quelqu'un d'autre que vous connaissez et qui marche pour la maladie de Waldenstrom.  Cette personne recevra le message que vous l'encouragez !<\/p>\n<p>Et <strong>Revenez souvent sur cette page<\/strong> au cours du mois de septembre - car nous la mettrons \u00e0 jour avec des informations sur la fa\u00e7on dont la <strong>Marche pour la maladie de Waldenstrom<\/strong> progresse au travers du Canada !<\/p>\n<\/div><div class=\"fusion-sep-clear\"><\/div><div class=\"fusion-separator\" style=\"margin-left: auto;margin-right: auto;margin-top:5px;margin-bottom:10px;width:100%;max-width:170px;\"><div class=\"fusion-separator-border sep-single sep-solid\" style=\"--awb-height:20px;--awb-amount:20px;--awb-sep-color:#e90101;border-color:#e90101;border-top-width:1px;\"><\/div><\/div><div class=\"fusion-sep-clear\"><\/div><div class=\"fusion-align-block\"><a class=\"fusion-button button-flat button-xlarge button-default fusion-button-default button-1 fusion-button-default-span fusion-button-default-type\" style=\"--button_text_transform:none;width:calc(100%);\" target=\"_self\" href=\"\/fr\/faire-un-don\/\"><span class=\"fusion-button-text awb-button__text awb-button__text--default\">Faites un don pour soutenir votre marcheur<\/span><\/a><\/div><div class=\"fusion-sep-clear\"><\/div><div class=\"fusion-separator\" style=\"margin-left: auto;margin-right: auto;margin-top:20px;margin-bottom:20px;width:100%;max-width:170px;\"><div class=\"fusion-separator-border sep-single sep-solid\" style=\"--awb-height:20px;--awb-amount:20px;--awb-sep-color:#e90101;border-color:#e90101;border-top-width:1px;\"><\/div><\/div><div class=\"fusion-sep-clear\"><\/div><div class=\"fusion-clearfix\"><\/div><\/div><\/div><\/div><\/div><div class=\"fusion-fullwidth fullwidth-box fusion-builder-row-4 fusion-flex-container hundred-percent-fullwidth non-hundred-percent-height-scrolling\" style=\"--awb-border-radius-top-left:0px;--awb-border-radius-top-right:0px;--awb-border-radius-bottom-right:0px;--awb-border-radius-bottom-left:0px;--awb-flex-wrap:wrap;\" ><div class=\"fusion-builder-row fusion-row fusion-flex-align-items-flex-start fusion-flex-content-wrap\" style=\"width:104% !important;max-width:104% !important;margin-left: calc(-4% \/ 2 );margin-right: calc(-4% \/ 2 );\"><div class=\"fusion-layout-column fusion_builder_column fusion-builder-column-10 fusion_builder_column_1_1 1_1 fusion-flex-column\" style=\"--awb-padding-right:0px;--awb-padding-left:0px;--awb-bg-size:cover;--awb-width-large:100%;--awb-margin-top-large:10px;--awb-spacing-right-large:1.92%;--awb-margin-bottom-large:10px;--awb-spacing-left-large:1.92%;--awb-width-medium:100%;--awb-order-medium:0;--awb-spacing-right-medium:1.92%;--awb-spacing-left-medium:1.92%;--awb-width-small:100%;--awb-order-small:0;--awb-spacing-right-small:1.92%;--awb-spacing-left-small:1.92%;\"><div class=\"fusion-column-wrapper fusion-column-has-shadow fusion-flex-justify-content-flex-start fusion-content-layout-column\"><div class=\"fusion-text fusion-text-7\"><p>Vous pouvez en savoir plus sur la MW et sur le cheminement de Paul avec elle - tout au long de sa vie et pendant le mois de septembre - en lisant ce qui suit, qui est aimablement fourni (NB: en Anglais seulement) par <a href=\"https:\/\/www.esri.ca\/en-ca\/home\" target=\"_blank\" rel=\"noopener\">ESRI Canada<\/a>.  Consultez les articles du blog de Paul et les photos de ses promenades quotidiennes - elles sont toutes l\u00e0 !<\/p>\n<\/div><iframe style=\"border: 0;\" src=\"https:\/\/storymaps.arcgis.com\/stories\/8dd5256c1846470ebb73ddfe09ae3650\" allowfullscreen=\"allowfullscreen\" height=\"800\"><\/iframe><div class=\"fusion-separator\" style=\"align-self: center;margin-left: auto;margin-right: auto;margin-top:10px;margin-bottom:10px;width:100%;max-width:170px;\"><div class=\"fusion-separator-border sep-single sep-solid\" style=\"--awb-height:20px;--awb-amount:20px;--awb-sep-color:#e90101;border-color:#e90101;border-top-width:1px;\"><\/div><\/div><div style=\"text-align:center;\"><a class=\"fusion-button button-flat button-xlarge button-default fusion-button-default button-2 fusion-button-default-span fusion-button-default-type\" style=\"--button_text_transform:none;width:calc(100%);\" target=\"_self\" href=\"\/fr\/faire-un-don\/\"><span class=\"fusion-button-text awb-button__text awb-button__text--default\">Faites un don pour soutenir la recherche sur le WMFC<\/span><\/a><\/div><div class=\"fusion-separator\" style=\"align-self: center;margin-left: auto;margin-right: auto;margin-top:20px;margin-bottom:20px;width:100%;max-width:170px;\"><div class=\"fusion-separator-border sep-single sep-solid\" style=\"--awb-height:20px;--awb-amount:20px;--awb-sep-color:#e90101;border-color:#e90101;border-top-width:1px;\"><\/div><\/div><\/div><\/div><\/div><\/div><div class=\"fusion-fullwidth fullwidth-box fusion-builder-row-5 nonhundred-percent-fullwidth non-hundred-percent-height-scrolling\" style=\"--awb-background-position:left top;--awb-border-sizes-top:0px;--awb-border-sizes-bottom:0px;--awb-border-sizes-left:0px;--awb-border-sizes-right:0px;--awb-border-radius-top-left:0px;--awb-border-radius-top-right:0px;--awb-border-radius-bottom-right:0px;--awb-border-radius-bottom-left:0px;--awb-padding-top:0px;--awb-padding-right:5%;--awb-padding-bottom:0px;--awb-padding-left:5%;--awb-margin-top:0px;--awb-margin-bottom:0px;--awb-background-color:#333c4e;--awb-flex-wrap:wrap;\" ><div class=\"fusion-builder-row fusion-row\"><div class=\"fusion-layout-column fusion_builder_column fusion-builder-column-11 fusion_builder_column_1_1 1_1 fusion-one-full fusion-column-first fusion-column-last fusion-column-no-min-height\" style=\"--awb-padding-top:0px;--awb-padding-right:0px;--awb-padding-bottom:0px;--awb-padding-left:0px;--awb-bg-size:cover;--awb-margin-top:0px;--awb-margin-bottom:3%;\"><div class=\"fusion-column-wrapper fusion-column-has-shadow fusion-flex-column-wrapper-legacy\"><div class=\"fusion-text fusion-text-8\"><h3 style=\"text-align: center; font-size: 30px; color: #ffffff;\">Joignez-vous \u00e0 la Fondation et restez dans le coup !<\/h3>\n<\/div><div class=\"fusion-sep-clear\"><\/div><div class=\"fusion-separator fusion-full-width-sep\" style=\"margin-left: auto;margin-right: auto;margin-top:-25px;width:100%;\"><\/div><div class=\"fusion-sep-clear\"><\/div><div class=\"fusion-text fusion-text-9 white-text\"><p style=\"text-align: center; font-size: 20px;\">Recevez les derni\u00e8res nouvelles, les \u00e9v\u00e9nements et les informations pour le membership  par courrier \u00e9lectronique.<\/p>\n<\/div><div class=\"fusion-sep-clear\"><\/div><div class=\"fusion-separator fusion-full-width-sep\" style=\"margin-left: auto;margin-right: auto;margin-top:15px;width:100%;\"><\/div><div class=\"fusion-sep-clear\"><\/div><div class=\"fusion-aligncenter\"><a class=\"fusion-button button-flat button-large button-default fusion-button-default button-3 fusion-button-span-no fusion-button-default-type\" target=\"_self\" href=\"\/fr\/adhesion\/\"><span class=\"fusion-button-text awb-button__text awb-button__text--default\">Adh\u00e9rer \u00e0 la Fondation Canadienne<\/span><\/a><\/div><div class=\"fusion-clearfix\"><\/div><\/div><\/div><\/div><\/div>\n<\/p>","protected":false},"excerpt":{"rendered":"","protected":false},"author":4,"featured_media":0,"parent":1984,"menu_order":0,"comment_status":"closed","ping_status":"closed","template":"100-width.php","meta":{"_price":"","_stock":"","_tribe_ticket_header":"","_tribe_default_ticket_provider":"","_ticket_start_date":"","_ticket_end_date":"","_tribe_ticket_show_description":"","_tribe_ticket_show_not_going":false,"_tribe_ticket_use_global_stock":"","_tribe_ticket_global_stock_level":"","_global_stock_mode":"","_global_stock_cap":"","_tribe_rsvp_for_event":"","_tribe_ticket_going_count":"","_tribe_ticket_not_going_count":"","_tribe_tickets_list":"[]","_tribe_ticket_has_attendee_info_fields":false,"footnotes":""},"class_list":["post-3931","page","type-page","status-publish","hentry"],"_links":{"self":[{"href":"https:\/\/www.wmfc.ca\/fr\/wp-json\/wp\/v2\/pages\/3931","targetHints":{"allow":["GET"]}}],"collection":[{"href":"https:\/\/www.wmfc.ca\/fr\/wp-json\/wp\/v2\/pages"}],"about":[{"href":"https:\/\/www.wmfc.ca\/fr\/wp-json\/wp\/v2\/types\/page"}],"author":[{"embeddable":true,"href":"https:\/\/www.wmfc.ca\/fr\/wp-json\/wp\/v2\/users\/4"}],"replies":[{"embeddable":true,"href":"https:\/\/www.wmfc.ca\/fr\/wp-json\/wp\/v2\/comments?post=3931"}],"version-history":[{"count":8,"href":"https:\/\/www.wmfc.ca\/fr\/wp-json\/wp\/v2\/pages\/3931\/revisions"}],"predecessor-version":[{"id":6200,"href":"https:\/\/www.wmfc.ca\/fr\/wp-json\/wp\/v2\/pages\/3931\/revisions\/6200"}],"up":[{"embeddable":true,"href":"https:\/\/www.wmfc.ca\/fr\/wp-json\/wp\/v2\/pages\/1984"}],"wp:attachment":[{"href":"https:\/\/www.wmfc.ca\/fr\/wp-json\/wp\/v2\/media?parent=3931"}],"curies":[{"name":"wp","href":"https:\/\/api.w.org\/{rel}","templated":true}]}}